{"id":1150,"date":"2022-06-22T14:12:33","date_gmt":"2022-06-22T14:12:33","guid":{"rendered":"https:\/\/iidp.live-website.com\/?page_id=1150"},"modified":"2022-08-10T21:53:18","modified_gmt":"2022-08-10T21:53:18","slug":"links-de-interes","status":"publish","type":"page","link":"https:\/\/parlamentario-iberoamericano.org\/?page_id=1150","title":{"rendered":"Links de Inter\u00e9s"},"content":{"rendered":"\t\t<div data-elementor-type=\"wp-page\" data-elementor-id=\"1150\" class=\"elementor elementor-1150\">\n\t\t\t\t\t\t<section class=\"elementor-section elementor-top-section elementor-element elementor-element-91db287 elementor-section-content-middle elementor-section-boxed elementor-section-height-default elementor-section-height-default\" data-id=\"91db287\" data-element_type=\"section\" data-e-type=\"section\">\n\t\t\t\t\t\t\t<div class=\"elementor-background-overlay\"><\/div>\n\t\t\t\t\t\t\t<div class=\"elementor-container elementor-column-gap-default\">\n\t\t\t\t\t<div class=\"elementor-column elementor-col-100 elementor-top-column elementor-element elementor-element-ce2e04c\" data-id=\"ce2e04c\" data-element_type=\"column\" data-e-type=\"column\">\n\t\t\t<div class=\"elementor-widget-wrap elementor-element-populated\">\n\t\t\t\t\t\t<div class=\"elementor-element elementor-element-600ca0b elementor-widget elementor-widget-heading\" data-id=\"600ca0b\" data-element_type=\"widget\" data-e-type=\"widget\" data-widget_type=\"heading.default\">\n\t\t\t\t<div class=\"elementor-widget-container\">\n\t\t\t\t\t<h2 class=\"elementor-heading-title elementor-size-default\">Links de Inter\u00e9s<\/h2>\t\t\t\t<\/div>\n\t\t\t\t<\/div>\n\t\t\t\t\t<\/div>\n\t\t<\/div>\n\t\t\t\t\t<\/div>\n\t\t<\/section>\n\t\t\t\t<section class=\"elementor-section elementor-top-section elementor-element elementor-element-88cf364 elementor-section-boxed elementor-section-height-default elementor-section-height-default\" data-id=\"88cf364\" data-element_type=\"section\" data-e-type=\"section\">\n\t\t\t\t\t\t<div class=\"elementor-container elementor-column-gap-default\">\n\t\t\t\t\t<div class=\"elementor-column elementor-col-50 elementor-top-column elementor-element elementor-element-21d1145\" data-id=\"21d1145\" data-element_type=\"column\" data-e-type=\"column\">\n\t\t\t<div class=\"elementor-widget-wrap elementor-element-populated\">\n\t\t\t\t\t\t<div class=\"elementor-element elementor-element-450aff1 elementor-widget elementor-widget-text-editor\" data-id=\"450aff1\" data-element_type=\"widget\" data-e-type=\"widget\" data-widget_type=\"text-editor.default\">\n\t\t\t\t<div class=\"elementor-widget-container\">\n\t\t\t\t\t\t\t\t\t<p><span style=\"color: #993300;\">\u2192\u00a0\u00a0<\/span><a href=\"https:\/\/derechoparlamentario.com.ar\/\">Asociaci\u00f3n Argentina de Derecho Parlamentario<\/a><\/p><hr \/><p><span style=\"color: #993300; background-color: var(--nv-site-bg); font-size: var(--bodyFontSize); letter-spacing: var(--bodyLetterSpacing); text-transform: var(--bodyTextTransform);\">\u2192\u00a0 <\/span>Instituto de Derecho Parlamentario de Tucum\u00e1n (Universidad Nacional de Tucum\u00e1n, Legislatura de Tucum\u00e1n, Argentina)<\/p><hr \/><p><span style=\"color: #993300; background-color: var(--nv-site-bg); font-size: var(--bodyFontSize); letter-spacing: var(--bodyLetterSpacing); text-transform: var(--bodyTextTransform);\">\u2192\u00a0\u00a0<\/span><a href=\"https:\/\/www.ipu.org\/es\/about-ipu\/historia-de-la-uip\">Uni\u00f3n Interparlamentaria (IPU)<\/a><\/p><hr \/><p><span style=\"color: #993300; background-color: var(--nv-site-bg); font-size: var(--bodyFontSize); letter-spacing: var(--bodyLetterSpacing); text-transform: var(--bodyTextTransform);\">\u2192\u00a0\u00a0<\/span><a href=\"https:\/\/parlatino.org\/\">Parlamento Latinoamericano y Caribe\u00f1o (Parlatino)<\/a><\/p><hr \/><p><span style=\"color: #993300; background-color: var(--nv-site-bg); font-size: var(--bodyFontSize); letter-spacing: var(--bodyLetterSpacing); text-transform: var(--bodyTextTransform);\">\u2192\u00a0\u00a0<\/span><a href=\"https:\/\/www.austral.edu.ar\/escueladegobierno\/institucional\/centro-internacional-de-estudios-investigacion-y-prospectiva-parlamentarios-cideipp\/#cideipp\">Centro Internacional De Estudios, Investigaci\u00f3n Y Prospectiva Parlamentarios<\/a><\/p><hr \/><p><span style=\"color: #993300; background-color: var(--nv-site-bg); font-size: var(--bodyFontSize); letter-spacing: var(--bodyLetterSpacing); text-transform: var(--bodyTextTransform);\">\u2192\u00a0\u00a0<\/span>\u00a0<a href=\"https:\/\/www.pgaction.org\/es\/\">Parliamentarians for Global Action (PGA)<\/a><\/p><hr \/><p><span style=\"color: #993300; background-color: var(--nv-site-bg); font-size: var(--bodyFontSize); letter-spacing: var(--bodyLetterSpacing); text-transform: var(--bodyTextTransform);\">\u2192\u00a0\u00a0<\/span><a href=\"https:\/\/www.mcgill.ca\/continuingstudies\/program\/professional-development-certificate-parliamentary-management\">School of Continuing Studies de la McGill University, Professional Development Certificate in Parliamentary Management<\/a><\/p><hr \/><p><span style=\"color: #993300; background-color: var(--nv-site-bg); font-size: var(--bodyFontSize); letter-spacing: var(--bodyLetterSpacing); text-transform: var(--bodyTextTransform);\">\u2192\u00a0\u00a0<\/span><a href=\"https:\/\/brill.com\/view\/journals\/parl\/parl-overview.xml\">International Journal of Parliamentary Studies<\/a><\/p><hr \/><p><span style=\"color: #993300; background-color: var(--nv-site-bg); font-size: var(--bodyFontSize); letter-spacing: var(--bodyLetterSpacing); text-transform: var(--bodyTextTransform);\">\u2192\u00a0\u00a0<\/span><a href=\"https:\/\/www.parlicentre.org\/\">International Centre for Parliamentary Studies<\/a><\/p><hr \/><p><span style=\"color: #993300; background-color: var(--nv-site-bg); font-size: var(--bodyFontSize); letter-spacing: var(--bodyLetterSpacing); text-transform: var(--bodyTextTransform);\">\u2192\u00a0\u00a0<\/span><a href=\"https:\/\/docs.google.com\/forms\/d\/e\/1FAIpQLSfz3enwAEwjvxOEjifHWWlPSDZrRQusMuHEaQSQwidgmtSs_w\/viewform\">Global Conference on Parliamentary Studies Budapest, 12-13th May, 2022 (hybrid conference)<\/a><\/p><hr \/><p><span style=\"color: #993300; background-color: var(--nv-site-bg); font-size: var(--bodyFontSize); letter-spacing: var(--bodyLetterSpacing); text-transform: var(--bodyTextTransform);\">\u2192\u00a0\u00a0<\/span><a href=\"https:\/\/www.wto.org\/spanish\/forums_s\/parliamentarians_s\/parliamentarians_conf_s.htm\">Conferencia Parlamentaria sobre la OMC<\/a><\/p><hr \/><p><span style=\"color: #993300; background-color: var(--nv-site-bg); font-size: var(--bodyFontSize); letter-spacing: var(--bodyLetterSpacing); text-transform: var(--bodyTextTransform);\">\u2192\u00a0\u00a0<\/span><a href=\"https:\/\/www.parlnet.org\/\">Parliamentary Network<\/a><\/p><hr \/><p><span style=\"color: #993300; background-color: var(--nv-site-bg); font-size: var(--bodyFontSize); letter-spacing: var(--bodyLetterSpacing); text-transform: var(--bodyTextTransform);\">\u2192 <\/span><a href=\"https:\/\/legislaturasconectadas.gob.ar\/\">Legislaturas Conectadas &#8211; Red Interparlamentaria<\/a><\/p>\t\t\t\t\t\t\t\t<\/div>\n\t\t\t\t<\/div>\n\t\t\t\t\t<\/div>\n\t\t<\/div>\n\t\t\t\t<div class=\"elementor-column elementor-col-50 elementor-top-column elementor-element elementor-element-e50e4fb\" data-id=\"e50e4fb\" data-element_type=\"column\" data-e-type=\"column\">\n\t\t\t<div class=\"elementor-widget-wrap elementor-element-populated\">\n\t\t\t\t\t\t<div class=\"elementor-element elementor-element-4413bb9 elementor-widget elementor-widget-text-editor\" data-id=\"4413bb9\" data-element_type=\"widget\" data-e-type=\"widget\" data-widget_type=\"text-editor.default\">\n\t\t\t\t<div class=\"elementor-widget-container\">\n\t\t\t\t\t\t\t\t\t<p><span style=\"color: #993300; background-color: var(--nv-site-bg); font-size: var(--bodyFontSize); letter-spacing: var(--bodyLetterSpacing); text-transform: var(--bodyTextTransform);\">\u2192 \u00a0<\/span><a href=\"https:\/\/www.ucm.es\/idp\">Instituto de Derecho Parlamentario, Universidad Complutense de Madrid\u00a0<\/a><\/p><hr \/><p><span style=\"color: #993300; background-color: var(--nv-site-bg); font-size: var(--bodyFontSize); letter-spacing: var(--bodyLetterSpacing); text-transform: var(--bodyTextTransform);\">\u2192\u00a0\u00a0<\/span><a href=\"https:\/\/www.usafmc.org\/home\">Association of Former Members of Congress of the United States of America<\/a><\/p><hr \/><p><span style=\"color: #993300; background-color: var(--nv-site-bg); font-size: var(--bodyFontSize); letter-spacing: var(--bodyLetterSpacing); text-transform: var(--bodyTextTransform);\">\u2192\u00a0\u00a0<\/span><a href=\"https:\/\/www.unitenetwork.org\/\">Global Parliamentary Network to End Infectious Diseases<\/a><\/p><hr \/><p><span style=\"color: #993300; background-color: var(--nv-site-bg); font-size: var(--bodyFontSize); letter-spacing: var(--bodyLetterSpacing); text-transform: var(--bodyTextTransform);\">\u2192<a href=\"http:\/\/www.clna.com.ar\/\"> Circulo de Legisladores de la Naci\u00f3n Argentina<\/a><\/span><\/p><hr \/><p><span style=\"color: #993300; background-color: var(--nv-site-bg); font-size: var(--bodyFontSize); letter-spacing: var(--bodyLetterSpacing); text-transform: var(--bodyTextTransform);\">\u2192\u00a0\u00a0<\/span><a href=\"https:\/\/www.fundacionmgimenezabad.es\/\">Fundaci\u00f3n Manuel Gim\u00e9nez Abad de Estudios Parlamentarios y Letrado de las Cortes de Arag\u00f3n<\/a><\/p><hr \/><p><span style=\"color: #993300; background-color: var(--nv-site-bg); font-size: var(--bodyFontSize); letter-spacing: var(--bodyLetterSpacing); text-transform: var(--bodyTextTransform);\">\u2192\u00a0\u00a0<\/span><a href=\"https:\/\/www.cpacf.org.ar\/mobile\/noticia\/6517\">Instituto de Derecho Parlamentario, Colegio P\u00fablico de Abogados de Capital Federal, Argentina<\/a><\/p><hr \/><p><span style=\"color: #993300; background-color: var(--nv-site-bg); font-size: var(--bodyFontSize); letter-spacing: var(--bodyLetterSpacing); text-transform: var(--bodyTextTransform);\">\u2192\u00a0\u00a0<\/span><a href=\"http:\/\/aajc.com.ar\/home\/institutos\/instituto-de-derecho-parlamentario\/\">Instituto de Derecho Parlamentario de la Asociaci\u00f3n Argentina de Justicia Constitucional<\/a><\/p><hr \/><p><span style=\"color: #993300; background-color: var(--nv-site-bg); font-size: var(--bodyFontSize); letter-spacing: var(--bodyLetterSpacing); text-transform: var(--bodyTextTransform);\">\u2192\u00a0\u00a0<\/span>Asociaci\u00f3n de Asesores T\u00e9cnicos Legislativos Procuradores (AATLP) de la Asamblea del Estado de Sao Paulo.<\/p><hr \/><p><span style=\"color: #993300; background-color: var(--nv-site-bg); font-size: var(--bodyFontSize); letter-spacing: var(--bodyLetterSpacing); text-transform: var(--bodyTextTransform);\">\u2192\u00a0\u00a0<\/span><a href=\"https:\/\/aelpa.org\/\">Asociaci\u00f3n Espa\u00f1ola de Letrados de Parlamentos. (AELPA)<\/a><\/p><hr \/><p><span style=\"color: #993300; background-color: var(--nv-site-bg); font-size: var(--bodyFontSize); letter-spacing: var(--bodyLetterSpacing); text-transform: var(--bodyTextTransform);\">\u2192\u00a0\u00a0<\/span><a href=\"http:\/\/www.ieel.org.ec\/\">Instituto Ecuatoriano de Estudios Legislativos. (ECUADOR)<\/a><\/p><hr \/><p><span style=\"color: #993300; background-color: var(--nv-site-bg); font-size: var(--bodyFontSize); letter-spacing: var(--bodyLetterSpacing); text-transform: var(--bodyTextTransform);\">\u2192\u00a0\u00a0<\/span><a href=\"https:\/\/linktr.ee\/institutoparla\">Instituto Brasileiro de Direito Parlamentar<\/a><\/p><hr \/><p><span style=\"color: #993300; background-color: var(--nv-site-bg); font-size: var(--bodyFontSize); letter-spacing: var(--bodyLetterSpacing); text-transform: var(--bodyTextTransform);\">\u2192 <a href=\"http:\/\/www.profesorgentile.com\/\">Dr. Jorge Horacio Gentile<\/a><\/span><\/p><hr \/><p><span style=\"color: #993300; background-color: var(--nv-site-bg); font-size: var(--bodyFontSize); letter-spacing: var(--bodyLetterSpacing); text-transform: var(--bodyTextTransform);\">\u2192 <\/span><a href=\"https:\/\/www.austral.edu.ar\/escueladegobierno\/institucional\/centro-internacional-de-estudios-investigacion-y-prospectiva-parlamentarios-cideipp\/\" target=\"_blank\" rel=\"noopener\"><span style=\"background-color: var(--nv-site-bg); font-size: var(--bodyFontSize); letter-spacing: var(--bodyLetterSpacing); text-transform: var(--bodyTextTransform);\">Centro internacional de estudios, investigaci\u00f3n y prospectiva parlamentarios (CIDEIPP)<\/span><\/a><\/p>\t\t\t\t\t\t\t\t<\/div>\n\t\t\t\t<\/div>\n\t\t\t\t\t<\/div>\n\t\t<\/div>\n\t\t\t\t\t<\/div>\n\t\t<\/section>\n\t\t\t\t<\/div>\n\t\t","protected":false},"excerpt":{"rendered":"<p>Links de Inter\u00e9s \u2192\u00a0\u00a0Asociaci\u00f3n Argentina de Derecho Parlamentario \u2192\u00a0 Instituto de Derecho Parlamentario de Tucum\u00e1n (Universidad Nacional de Tucum\u00e1n, Legislatura de Tucum\u00e1n, Argentina) \u2192\u00a0\u00a0Uni\u00f3n Interparlamentaria (IPU) \u2192\u00a0\u00a0Parlamento Latinoamericano y Caribe\u00f1o (Parlatino) \u2192\u00a0\u00a0Centro Internacional De Estudios, Investigaci\u00f3n Y Prospectiva Parlamentarios \u2192\u00a0\u00a0\u00a0Parliamentarians for Global Action (PGA) \u2192\u00a0\u00a0School of Continuing Studies de la McGill University, Professional Development Certificate&hellip;&nbsp;<a href=\"https:\/\/parlamentario-iberoamericano.org\/?page_id=1150\" rel=\"bookmark\">Leer m\u00e1s &raquo;<span class=\"screen-reader-text\">Links de Inter\u00e9s<\/span><\/a><\/p>\n","protected":false},"author":2,"featured_media":0,"parent":0,"menu_order":0,"comment_status":"closed","ping_status":"closed","template":"page-templates\/template-pagebuilder-full-width.php","meta":{"neve_meta_sidebar":"full-width","neve_meta_container":"","neve_meta_enable_content_width":"off","neve_meta_content_width":100,"neve_meta_title_alignment":"","neve_meta_author_avatar":"","neve_post_elements_order":"","neve_meta_disable_header":"","neve_meta_disable_footer":"","neve_meta_disable_title":"","footnotes":""},"class_list":["post-1150","page","type-page","status-publish","hentry"],"_links":{"self":[{"href":"https:\/\/parlamentario-iberoamericano.org\/index.php?rest_route=\/wp\/v2\/pages\/1150","targetHints":{"allow":["GET"]}}],"collection":[{"href":"https:\/\/parlamentario-iberoamericano.org\/index.php?rest_route=\/wp\/v2\/pages"}],"about":[{"href":"https:\/\/parlamentario-iberoamericano.org\/index.php?rest_route=\/wp\/v2\/types\/page"}],"author":[{"embeddable":true,"href":"https:\/\/parlamentario-iberoamericano.org\/index.php?rest_route=\/wp\/v2\/users\/2"}],"replies":[{"embeddable":true,"href":"https:\/\/parlamentario-iberoamericano.org\/index.php?rest_route=%2Fwp%2Fv2%2Fcomments&post=1150"}],"version-history":[{"count":56,"href":"https:\/\/parlamentario-iberoamericano.org\/index.php?rest_route=\/wp\/v2\/pages\/1150\/revisions"}],"predecessor-version":[{"id":1726,"href":"https:\/\/parlamentario-iberoamericano.org\/index.php?rest_route=\/wp\/v2\/pages\/1150\/revisions\/1726"}],"wp:attachment":[{"href":"https:\/\/parlamentario-iberoamericano.org\/index.php?rest_route=%2Fwp%2Fv2%2Fmedia&parent=1150"}],"curies":[{"name":"wp","href":"https:\/\/api.w.org\/{rel}","templated":true}]}}