{"id":613,"date":"2022-03-03T22:47:43","date_gmt":"2022-03-03T22:47:43","guid":{"rendered":"https:\/\/claip.org\/prueba\/?page_id=613"},"modified":"2024-04-11T15:02:43","modified_gmt":"2024-04-11T15:02:43","slug":"eventos-academicos","status":"publish","type":"page","link":"https:\/\/parlamentario-iberoamericano.org\/?page_id=613","title":{"rendered":"Eventos Acad\u00e9micos"},"content":{"rendered":"\t\t<div data-elementor-type=\"wp-page\" data-elementor-id=\"613\" class=\"elementor elementor-613\">\n\t\t\t\t\t\t<section class=\"elementor-section elementor-top-section elementor-element elementor-element-91db287 elementor-section-content-middle elementor-section-boxed elementor-section-height-default elementor-section-height-default\" data-id=\"91db287\" data-element_type=\"section\" data-e-type=\"section\" data-settings=\"{&quot;background_background&quot;:&quot;classic&quot;}\">\n\t\t\t\t\t\t\t<div class=\"elementor-background-overlay\"><\/div>\n\t\t\t\t\t\t\t<div class=\"elementor-container elementor-column-gap-default\">\n\t\t\t\t\t<div class=\"elementor-column elementor-col-100 elementor-top-column elementor-element elementor-element-ce2e04c\" data-id=\"ce2e04c\" data-element_type=\"column\" data-e-type=\"column\">\n\t\t\t<div class=\"elementor-widget-wrap elementor-element-populated\">\n\t\t\t\t\t\t<div class=\"elementor-element elementor-element-600ca0b elementor-widget elementor-widget-heading\" data-id=\"600ca0b\" data-element_type=\"widget\" data-e-type=\"widget\" data-widget_type=\"heading.default\">\n\t\t\t\t<div class=\"elementor-widget-container\">\n\t\t\t\t\t<h2 class=\"elementor-heading-title elementor-size-default\">Eventos Acad\u00e9micos<\/h2>\t\t\t\t<\/div>\n\t\t\t\t<\/div>\n\t\t\t\t\t<\/div>\n\t\t<\/div>\n\t\t\t\t\t<\/div>\n\t\t<\/section>\n\t\t\t\t<section class=\"elementor-section elementor-top-section elementor-element elementor-element-33bd033 elementor-section-boxed elementor-section-height-default elementor-section-height-default\" data-id=\"33bd033\" data-element_type=\"section\" data-e-type=\"section\">\n\t\t\t\t\t\t<div class=\"elementor-container elementor-column-gap-default\">\n\t\t\t\t\t<div class=\"elementor-column elementor-col-100 elementor-top-column elementor-element elementor-element-0a1cab4\" data-id=\"0a1cab4\" data-element_type=\"column\" data-e-type=\"column\">\n\t\t\t<div class=\"elementor-widget-wrap elementor-element-populated\">\n\t\t\t\t\t\t<div class=\"elementor-element elementor-element-8ff5862 elementor-grid-eael-col-4 elementor-grid-tablet-eael-col-2 elementor-grid-mobile-eael-col-1 elementor-widget elementor-widget-eael-post-grid\" data-id=\"8ff5862\" data-element_type=\"widget\" data-e-type=\"widget\" data-settings=\"{&quot;eael_post_grid_columns&quot;:&quot;eael-col-4&quot;,&quot;eael_post_grid_columns_tablet&quot;:&quot;eael-col-2&quot;,&quot;eael_post_grid_columns_mobile&quot;:&quot;eael-col-1&quot;}\" data-widget_type=\"eael-post-grid.default\">\n\t\t\t\t<div class=\"elementor-widget-container\">\n\t\t\t\t\t<div id=\"eael-post-grid-8ff5862\" class=\"eael-post-grid-container\">\n            <div class=\"eael-post-grid eael-post-appender eael-post-appender-8ff5862 eael-post-grid-style-one\" data-layout-mode=\"masonry\"><article class=\"eael-grid-post  eael-post-grid-column eael-pg-post-2122 category-eventos-academicos\" data-id=\"2122\">\n        <div class=\"eael-grid-post-holder\">\n            <div class=\"eael-grid-post-holder-inner\"><div class=\"eael-entry-media\"><div class=\"eael-entry-overlay zoom-in\"><i class=\"fas fa-plus-circle\" aria-hidden=\"true\"><\/i><a href=\"https:\/\/parlamentario-iberoamericano.org\/?p=2122\"><\/a><\/div><div class=\"eael-entry-thumbnail \">\n                <img fetchpriority=\"high\" decoding=\"async\" width=\"212\" height=\"300\" src=\"https:\/\/parlamentario-iberoamericano.org\/wp-content\/uploads\/2024\/11\/Captura-de-pantalla-2024-11-25-200324-212x300.png\" class=\"attachment-medium size-medium wp-image-2123\" alt=\"\" srcset=\"https:\/\/parlamentario-iberoamericano.org\/wp-content\/uploads\/2024\/11\/Captura-de-pantalla-2024-11-25-200324-212x300.png 212w, https:\/\/parlamentario-iberoamericano.org\/wp-content\/uploads\/2024\/11\/Captura-de-pantalla-2024-11-25-200324-724x1024.png 724w, https:\/\/parlamentario-iberoamericano.org\/wp-content\/uploads\/2024\/11\/Captura-de-pantalla-2024-11-25-200324-768x1086.png 768w, https:\/\/parlamentario-iberoamericano.org\/wp-content\/uploads\/2024\/11\/Captura-de-pantalla-2024-11-25-200324.png 791w\" sizes=\"(max-width: 212px) 100vw, 212px\" \/>\n            <\/div>\n        <\/div><div class=\"eael-entry-wrapper\"><header class=\"eael-entry-header\"><h2 class=\"eael-entry-title\"><a class=\"eael-grid-post-link\" href=\"https:\/\/parlamentario-iberoamericano.org\/?p=2122\" title=\"CONFERENCIA: EVOLUCIONES DEL PRESIDENCIALISMO EN IBEROAM\u00c9RICA\">CONFERENCIA: EVOLUCIONES DEL PRESIDENCIALISMO EN IBEROAM\u00c9RICA<\/a><\/h2><\/header><div class=\"eael-entry-content\">\n                        <div class=\"eael-grid-post-excerpt\"><p>CONFERENCIA: EVOLUCIONES DEL PRESIDENCIALISMO EN IBEROAM\u00c9RICA 27...<\/p><a href=\"https:\/\/parlamentario-iberoamericano.org\/?p=2122\" class=\"eael-post-elements-readmore-btn\">Leer M\u00e1s<\/a><\/div>\n                    <\/div><div class=\"eael-entry-footer\"><div class=\"eael-entry-meta\"><\/div><\/div><\/div><\/div>\n        <\/div>\n    <\/article><article class=\"eael-grid-post  eael-post-grid-column eael-pg-post-2099 category-eventos-academicos\" data-id=\"2099\">\n        <div class=\"eael-grid-post-holder\">\n            <div class=\"eael-grid-post-holder-inner\"><div class=\"eael-entry-media\"><div class=\"eael-entry-overlay zoom-in\"><i class=\"fas fa-plus-circle\" aria-hidden=\"true\"><\/i><a href=\"https:\/\/parlamentario-iberoamericano.org\/?p=2099\"><\/a><\/div><div class=\"eael-entry-thumbnail \">\n                <img decoding=\"async\" width=\"300\" height=\"143\" src=\"https:\/\/parlamentario-iberoamericano.org\/wp-content\/uploads\/2024\/10\/Captura-de-pantalla-2024-10-18-090637-300x143.png\" class=\"attachment-medium size-medium wp-image-2101\" alt=\"\" srcset=\"https:\/\/parlamentario-iberoamericano.org\/wp-content\/uploads\/2024\/10\/Captura-de-pantalla-2024-10-18-090637-300x143.png 300w, https:\/\/parlamentario-iberoamericano.org\/wp-content\/uploads\/2024\/10\/Captura-de-pantalla-2024-10-18-090637-1024x487.png 1024w, https:\/\/parlamentario-iberoamericano.org\/wp-content\/uploads\/2024\/10\/Captura-de-pantalla-2024-10-18-090637-768x366.png 768w, https:\/\/parlamentario-iberoamericano.org\/wp-content\/uploads\/2024\/10\/Captura-de-pantalla-2024-10-18-090637-1536x731.png 1536w, https:\/\/parlamentario-iberoamericano.org\/wp-content\/uploads\/2024\/10\/Captura-de-pantalla-2024-10-18-090637-2048x975.png 2048w\" sizes=\"(max-width: 300px) 100vw, 300px\" \/>\n            <\/div>\n        <\/div><div class=\"eael-entry-wrapper\"><header class=\"eael-entry-header\"><h2 class=\"eael-entry-title\"><a class=\"eael-grid-post-link\" href=\"https:\/\/parlamentario-iberoamericano.org\/?p=2099\" title=\"XVI CONGRESO IBEROAMERICANO DE DERECHO CONSTITUCIONAL 2024\">XVI CONGRESO IBEROAMERICANO DE DERECHO CONSTITUCIONAL 2024<\/a><\/h2><\/header><div class=\"eael-entry-content\">\n                        <div class=\"eael-grid-post-excerpt\"><p>XVI CONGRESO IBEROAMERICANO DE DERECHO CONSTITUCIONAL 2024...<\/p><a href=\"https:\/\/parlamentario-iberoamericano.org\/?p=2099\" class=\"eael-post-elements-readmore-btn\">Leer M\u00e1s<\/a><\/div>\n                    <\/div><div class=\"eael-entry-footer\"><div class=\"eael-entry-meta\"><\/div><\/div><\/div><\/div>\n        <\/div>\n    <\/article><article class=\"eael-grid-post  eael-post-grid-column eael-pg-post-2071 category-eventos-academicos\" data-id=\"2071\">\n        <div class=\"eael-grid-post-holder\">\n            <div class=\"eael-grid-post-holder-inner\"><div class=\"eael-entry-media\"><div class=\"eael-entry-overlay zoom-in\"><i class=\"fas fa-plus-circle\" aria-hidden=\"true\"><\/i><a href=\"https:\/\/parlamentario-iberoamericano.org\/?p=2071\"><\/a><\/div><div class=\"eael-entry-thumbnail \">\n                <img decoding=\"async\" width=\"240\" height=\"300\" src=\"https:\/\/parlamentario-iberoamericano.org\/wp-content\/uploads\/2024\/05\/Captura-de-pantalla-2024-05-16-111811-240x300.png\" class=\"attachment-medium size-medium wp-image-2073\" alt=\"\" srcset=\"https:\/\/parlamentario-iberoamericano.org\/wp-content\/uploads\/2024\/05\/Captura-de-pantalla-2024-05-16-111811-240x300.png 240w, https:\/\/parlamentario-iberoamericano.org\/wp-content\/uploads\/2024\/05\/Captura-de-pantalla-2024-05-16-111811-819x1024.png 819w, https:\/\/parlamentario-iberoamericano.org\/wp-content\/uploads\/2024\/05\/Captura-de-pantalla-2024-05-16-111811-768x960.png 768w, https:\/\/parlamentario-iberoamericano.org\/wp-content\/uploads\/2024\/05\/Captura-de-pantalla-2024-05-16-111811.png 827w\" sizes=\"(max-width: 240px) 100vw, 240px\" \/>\n            <\/div>\n        <\/div><div class=\"eael-entry-wrapper\"><header class=\"eael-entry-header\"><h2 class=\"eael-entry-title\"><a class=\"eael-grid-post-link\" href=\"https:\/\/parlamentario-iberoamericano.org\/?p=2071\" title=\"Seminario de Profesores de Derecho Constitucional &#8211; &#8220;La posici\u00f3n constitucional de los consejos fiscales en el control de la estabilidad presupuestaria&#8221; 23\/05\/2024\">Seminario de Profesores de Derecho Constitucional &#8211; &#8220;La posici\u00f3n constitucional de los consejos fiscales en el control de la estabilidad presupuestaria&#8221; 23\/05\/2024<\/a><\/h2><\/header><div class=\"eael-entry-content\">\n                        <div class=\"eael-grid-post-excerpt\"><p>Seminario de Profesores de Derecho Constitucional &#8211;...<\/p><a href=\"https:\/\/parlamentario-iberoamericano.org\/?p=2071\" class=\"eael-post-elements-readmore-btn\">Leer M\u00e1s<\/a><\/div>\n                    <\/div><div class=\"eael-entry-footer\"><div class=\"eael-entry-meta\"><\/div><\/div><\/div><\/div>\n        <\/div>\n    <\/article><article class=\"eael-grid-post  eael-post-grid-column eael-pg-post-2062 category-eventos-academicos\" data-id=\"2062\">\n        <div class=\"eael-grid-post-holder\">\n            <div class=\"eael-grid-post-holder-inner\"><div class=\"eael-entry-media\"><div class=\"eael-entry-overlay zoom-in\"><i class=\"fas fa-plus-circle\" aria-hidden=\"true\"><\/i><a href=\"https:\/\/parlamentario-iberoamericano.org\/?p=2062\"><\/a><\/div><div class=\"eael-entry-thumbnail \">\n                <img loading=\"lazy\" decoding=\"async\" width=\"300\" height=\"213\" src=\"https:\/\/parlamentario-iberoamericano.org\/wp-content\/uploads\/2024\/05\/20240521-hiperbole1-300x213.png\" class=\"attachment-medium size-medium wp-image-2061\" alt=\"\" srcset=\"https:\/\/parlamentario-iberoamericano.org\/wp-content\/uploads\/2024\/05\/20240521-hiperbole1-300x213.png 300w, https:\/\/parlamentario-iberoamericano.org\/wp-content\/uploads\/2024\/05\/20240521-hiperbole1-1024x728.png 1024w, https:\/\/parlamentario-iberoamericano.org\/wp-content\/uploads\/2024\/05\/20240521-hiperbole1-768x546.png 768w, https:\/\/parlamentario-iberoamericano.org\/wp-content\/uploads\/2024\/05\/20240521-hiperbole1.png 1520w\" sizes=\"(max-width: 300px) 100vw, 300px\" \/>\n            <\/div>\n        <\/div><div class=\"eael-entry-wrapper\"><header class=\"eael-entry-header\"><h2 class=\"eael-entry-title\"><a class=\"eael-grid-post-link\" href=\"https:\/\/parlamentario-iberoamericano.org\/?p=2062\" title=\"La pol\u00edtica hiperb\u00f3lica en las democracias contempor\u00e1neas 21\/05\/2024\">La pol\u00edtica hiperb\u00f3lica en las democracias contempor\u00e1neas 21\/05\/2024<\/a><\/h2><\/header><div class=\"eael-entry-content\">\n                        <div class=\"eael-grid-post-excerpt\"><p>La pol\u00edtica hiperb\u00f3lica en las democracias contempor\u00e1neas...<\/p><a href=\"https:\/\/parlamentario-iberoamericano.org\/?p=2062\" class=\"eael-post-elements-readmore-btn\">Leer M\u00e1s<\/a><\/div>\n                    <\/div><div class=\"eael-entry-footer\"><div class=\"eael-entry-meta\"><\/div><\/div><\/div><\/div>\n        <\/div>\n    <\/article><\/div>\n            <div class=\"clearfix\"><\/div>\n        <\/div>            <div class=\"eael-load-more-button-wrap\">\n                <button class=\"eael-load-more-button\" id=\"eael-load-more-btn-8ff5862\" data-widget-id=\"8ff5862\" data-widget=\"8ff5862\" data-page-id=\"613\" data-template=\"{&quot;dir&quot;:&quot;lite&quot;,&quot;file_name&quot;:&quot;one.php&quot;,&quot;name&quot;:&quot;Post-Grid&quot;}\" data-class=\"Essential_Addons_Elementor\\Elements\\Post_Grid\" data-layout=\"masonry\" data-page=\"1\" data-args=\"orderby=modified&amp;order=desc&amp;ignore_sticky_posts=1&amp;post_status=publish&amp;posts_per_page=4&amp;offset=0&amp;post_type=post&amp;tax_query%5B0%5D%5Btaxonomy%5D=category&amp;tax_query%5B0%5D%5Bfield%5D=term_id&amp;tax_query%5B0%5D%5Bterms%5D%5B0%5D=6&amp;tax_query%5Brelation%5D=AND\" data-max-page=\"6\">\n                    <span class=\"eael-btn-loader button__loader\"><\/span>\n                    <span class=\"eael_load_more_text\">Ver m\u00e1s<\/span>\n                <\/button>\n            <\/div>\n            \t\t\t\t<\/div>\n\t\t\t\t<\/div>\n\t\t\t\t\t<\/div>\n\t\t<\/div>\n\t\t\t\t\t<\/div>\n\t\t<\/section>\n\t\t\t\t<\/div>\n\t\t","protected":false},"excerpt":{"rendered":"<p>Eventos Acad\u00e9micos Seminario de Profesores de Derecho Constitucional &#8211; &#8220;La presunci\u00f3n de inocencia, en su dimensi\u00f3n extraprocesal, como l\u00edmite de las comisiones de investigaci\u00f3n&#8221; 04\/04\/2024 Seminario de Profesores de Derecho Constitucional &#8211;&#8230; Leer M\u00e1s II Seminario de Historia Parlamentaria: &#8220;El Parlamentarismo D\u00e9bil &#8211; Bravo Murillo (1852)&#8221; &#8220;El Parlamentarismo D\u00e9bil &#8211;Bravo Murillo (1852)&#8221; &#8220;El&#8230; Leer M\u00e1s&hellip;&nbsp;<a href=\"https:\/\/parlamentario-iberoamericano.org\/?p=2062\" rel=\"bookmark\">Leer m\u00e1s &raquo;<span class=\"screen-reader-text\">La pol\u00edtica hiperb\u00f3lica en las democracias contempor\u00e1neas 21\/05\/2024<\/span><\/a><\/p>\n","protected":false},"author":2,"featured_media":0,"parent":0,"menu_order":0,"comment_status":"closed","ping_status":"closed","template":"page-templates\/template-pagebuilder-full-width.php","meta":{"neve_meta_sidebar":"","neve_meta_container":"","neve_meta_enable_content_width":"off","neve_meta_content_width":100,"neve_meta_title_alignment":"","neve_meta_author_avatar":"","neve_post_elements_order":"","neve_meta_disable_header":"","neve_meta_disable_footer":"","neve_meta_disable_title":"","footnotes":""},"class_list":["post-613","page","type-page","status-publish","hentry"],"_links":{"self":[{"href":"https:\/\/parlamentario-iberoamericano.org\/index.php?rest_route=\/wp\/v2\/pages\/613","targetHints":{"allow":["GET"]}}],"collection":[{"href":"https:\/\/parlamentario-iberoamericano.org\/index.php?rest_route=\/wp\/v2\/pages"}],"about":[{"href":"https:\/\/parlamentario-iberoamericano.org\/index.php?rest_route=\/wp\/v2\/types\/page"}],"author":[{"embeddable":true,"href":"https:\/\/parlamentario-iberoamericano.org\/index.php?rest_route=\/wp\/v2\/users\/2"}],"replies":[{"embeddable":true,"href":"https:\/\/parlamentario-iberoamericano.org\/index.php?rest_route=%2Fwp%2Fv2%2Fcomments&post=613"}],"version-history":[{"count":94,"href":"https:\/\/parlamentario-iberoamericano.org\/index.php?rest_route=\/wp\/v2\/pages\/613\/revisions"}],"predecessor-version":[{"id":2029,"href":"https:\/\/parlamentario-iberoamericano.org\/index.php?rest_route=\/wp\/v2\/pages\/613\/revisions\/2029"}],"wp:attachment":[{"href":"https:\/\/parlamentario-iberoamericano.org\/index.php?rest_route=%2Fwp%2Fv2%2Fmedia&parent=613"}],"curies":[{"name":"wp","href":"https:\/\/api.w.org\/{rel}","templated":true}]}}